{"id":6427,"date":"2020-05-26T18:04:14","date_gmt":"2020-05-26T16:04:14","guid":{"rendered":"https:\/\/www.racc.es\/microsites\/?page_id=6427"},"modified":"2020-09-10T09:32:56","modified_gmt":"2020-09-10T07:32:56","slug":"inforestricciones","status":"publish","type":"page","link":"https:\/\/www.racc.es\/microsites\/inforestricciones\/","title":{"rendered":"Inforestricciones"},"content":{"rendered":"<p><div class=\"fusion-fullwidth fullwidth-box fusion-builder-row-1 inforestricciones-hero nonhundred-percent-fullwidth non-hundred-percent-height-scrolling\" style=\"--awb-border-radius-top-left:0px;--awb-border-radius-top-right:0px;--awb-border-radius-bottom-right:0px;--awb-border-radius-bottom-left:0px;--awb-padding-top:10px;--awb-padding-bottom:10px;--awb-background-color:#68a12c;\" ><div class=\"fusion-builder-row fusion-row\"><div class=\"fusion-layout-column fusion_builder_column fusion-builder-column-0 fusion_builder_column_1_1 1_1 fusion-one-full fusion-column-first fusion-column-last\" style=\"--awb-bg-size:cover;\"><div class=\"fusion-column-wrapper fusion-column-has-shadow fusion-flex-column-wrapper-legacy\"><div class=\"fusion-text fusion-text-1\"><p style=\"margin-bottom: 0;\"><small>Actualizado 10\/09\/2020<\/small><\/p>\n<\/div><div class=\"fusion-clearfix\"><\/div><\/div><\/div><div class=\"fusion-layout-column fusion_builder_column fusion-builder-column-1 fusion_builder_column_1_6 1_6 fusion-one-sixth fusion-column-first\" style=\"--awb-bg-size:cover;width:16.666666666667%;width:calc(16.666666666667% - ( ( 4% ) * 0.16666666666667 ) );margin-right: 4%;\"><div class=\"fusion-column-wrapper fusion-column-has-shadow fusion-flex-column-wrapper-legacy\"><div class=\"fusion-image-element fusion-image-align-center in-legacy-container\" style=\"text-align:center;\"><div class=\"imageframe-align-center\"><span class=\" fusion-imageframe imageframe-none imageframe-1 hover-type-none\"><img decoding=\"async\" width=\"90\" height=\"90\" title=\"18958001-0-logo90x90\" src=\"https:\/\/www.racc.es\/microsites\/wp-content\/uploads\/2020\/05\/18958001-0-logo90x90-1.jpg\" alt class=\"img-responsive wp-image-6437\" srcset=\"https:\/\/www.racc.es\/wp-content\/microsites\/wp-content\/uploads\/2020\/05\/18958001-0-logo90x90-1-66x66.jpg 66w, https:\/\/www.racc.es\/wp-content\/microsites\/wp-content\/uploads\/2020\/05\/18958001-0-logo90x90-1.jpg 90w\" sizes=\"(max-width: 90px) 100vw, 90px\" \/><\/span><\/div><\/div><div class=\"fusion-clearfix\"><\/div><\/div><\/div><div class=\"fusion-layout-column fusion_builder_column fusion-builder-column-2 fusion_builder_column_5_6 5_6 fusion-five-sixth fusion-column-last\" style=\"--awb-bg-size:cover;width:83.333333333333%;width:calc(83.333333333333% - ( ( 4% ) * 0.83333333333333 ) );\"><div class=\"fusion-column-wrapper fusion-column-has-shadow fusion-flex-column-wrapper-legacy\"><div class=\"fusion-text fusion-text-2\"><h1>LAS RESTRICCIONES DE TR\u00c1FICO PARA REDUCIR LAS EMISIONES EN EL ENTORNO DE BARCELONA<\/h1>\n<\/div><div class=\"fusion-text fusion-text-3\"><p>Consulta en este <strong>microsite <\/strong>la informaci\u00f3n resumida y las respuestas a las preguntas m\u00e1s frecuentes sobre las nuevas medidas.<\/p>\n<\/div><div class=\"fusion-clearfix\"><\/div><\/div><\/div><\/div><\/div><div class=\"fusion-fullwidth fullwidth-box fusion-builder-row-2 inforestricciones-grey nonhundred-percent-fullwidth non-hundred-percent-height-scrolling\" style=\"--awb-border-radius-top-left:0px;--awb-border-radius-top-right:0px;--awb-border-radius-bottom-right:0px;--awb-border-radius-bottom-left:0px;--awb-padding-bottom:0px;--awb-background-color:#f2fae9;\" ><div class=\"fusion-builder-row fusion-row\"><div class=\"fusion-layout-column fusion_builder_column fusion-builder-column-3 fusion_builder_column_1_1 1_1 fusion-one-full fusion-column-first fusion-column-last\" style=\"--awb-bg-size:cover;\"><div class=\"fusion-column-wrapper fusion-column-has-shadow fusion-flex-column-wrapper-legacy\"><div class=\"fusion-text fusion-text-4\"><p style=\"text-align: center;\">El 1 de enero de 2020 entr\u00f3 en funcionamiento la zona de bajas emisiones (ZBE) en la ciudad de Barcelona, que a partir de 2025 se ampliar\u00e1 a toda el \u00e1rea metropolitana.<\/p>\n<p style=\"text-align: center;\">La ordenanza que regula las restricciones de tr\u00e1fico se aprob\u00f3 el 9 de octubre del 2019 y, despu\u00e9s de la fase de exposici\u00f3n p\u00fablica, fue ratificada definitivamente por el plenario del Ayuntamiento de Barcelona el d\u00eda 20 de diciembre.<\/p>\n<\/div><div class=\"fusion-clearfix\"><\/div><\/div><\/div><\/div><\/div><div class=\"fusion-fullwidth fullwidth-box fusion-builder-row-3 nonhundred-percent-fullwidth non-hundred-percent-height-scrolling\" style=\"--awb-border-radius-top-left:0px;--awb-border-radius-top-right:0px;--awb-border-radius-bottom-right:0px;--awb-border-radius-bottom-left:0px;--awb-padding-bottom:0px;\" ><div class=\"fusion-builder-row fusion-row\"><div class=\"fusion-layout-column fusion_builder_column fusion-builder-column-4 fusion_builder_column_1_1 1_1 fusion-one-full fusion-column-first fusion-column-last\" style=\"--awb-bg-size:cover;\"><div class=\"fusion-column-wrapper fusion-column-has-shadow fusion-flex-column-wrapper-legacy\"><div class=\"fusion-text fusion-text-5\"><h2 style=\"text-align: center;\">Puntos a tener en cuenta<\/h2>\n<\/div><div class=\"fusion-clearfix\"><\/div><\/div><\/div><\/div><\/div><div class=\"fusion-fullwidth fullwidth-box fusion-builder-row-4 timeline nonhundred-percent-fullwidth non-hundred-percent-height-scrolling fusion-equal-height-columns\" style=\"--awb-border-radius-top-left:0px;--awb-border-radius-top-right:0px;--awb-border-radius-bottom-right:0px;--awb-border-radius-bottom-left:0px;--awb-padding-top:0px;\" ><div class=\"fusion-builder-row fusion-row\"><div class=\"fusion-layout-column fusion_builder_column fusion-builder-column-5 fusion_builder_column_1_3 1_3 fusion-one-third fusion-column-first timeline-title\" style=\"--awb-bg-size:cover;--awb-margin-top:0px;--awb-margin-bottom:0px;width:33.333333333333%;width:calc(33.333333333333% - ( ( 4% + 4% ) * 0.33333333333333 ) );margin-right: 4%;\"><div class=\"fusion-column-wrapper fusion-column-has-shadow fusion-flex-column-wrapper-legacy\"><div class=\"fusion-column-content-centered\"><div class=\"fusion-column-content\"><div class=\"fusion-text fusion-text-6 show-desktop\"><h3>D\u00edas y horarios restricciones<\/h3>\n<\/div><\/div><\/div><div class=\"fusion-clearfix\"><\/div><\/div><\/div><div class=\"fusion-layout-column fusion_builder_column fusion-builder-column-6 fusion_builder_column_1_6 1_6 fusion-one-sixth timeline-number\" style=\"--awb-bg-size:cover;--awb-margin-top:0px;--awb-margin-bottom:0px;width:16.666666666667%;width:calc(16.666666666667% - ( ( 4% + 4% ) * 0.16666666666667 ) );margin-right: 4%;\"><div class=\"fusion-column-wrapper fusion-column-has-shadow fusion-flex-column-wrapper-legacy\"><div class=\"fusion-column-content-centered\"><div class=\"fusion-column-content\"><div class=\"fusion-text fusion-text-7\"><p>1<\/p>\n<\/div><div class=\"fusion-text fusion-text-8 show-mobile\"><h3>D\u00edas y horarios restricciones<\/h3>\n<\/div><\/div><\/div><div class=\"fusion-clearfix\"><\/div><\/div><\/div><div class=\"fusion-layout-column fusion_builder_column fusion-builder-column-7 fusion_builder_column_1_2 1_2 fusion-one-half fusion-column-last timeline-text\" style=\"--awb-bg-size:cover;--awb-margin-top:0px;--awb-margin-bottom:0px;width:50%;width:calc(50% - ( ( 4% + 4% ) * 0.5 ) );\"><div class=\"fusion-column-wrapper fusion-column-has-shadow fusion-flex-column-wrapper-legacy\"><div class=\"fusion-column-content-centered\"><div class=\"fusion-column-content\"><div class=\"fusion-text fusion-text-9\"><p>Todos los d\u00edas <strong>laborables<\/strong>, de lunes a viernes, de <strong>7 a 20 h<\/strong>.<\/p>\n<\/div><\/div><\/div><div class=\"fusion-clearfix\"><\/div><\/div><\/div><div class=\"fusion-layout-column fusion_builder_column fusion-builder-column-8 fusion_builder_column_1_3 1_3 fusion-one-third fusion-column-first timeline-title\" style=\"--awb-bg-size:cover;--awb-margin-top:0px;--awb-margin-bottom:0px;width:33.333333333333%;width:calc(33.333333333333% - ( ( 4% + 4% ) * 0.33333333333333 ) );margin-right: 4%;\"><div class=\"fusion-column-wrapper fusion-column-has-shadow fusion-flex-column-wrapper-legacy\"><div class=\"fusion-column-content-centered\"><div class=\"fusion-column-content\"><div class=\"fusion-text fusion-text-10 show-desktop\"><h3>Veh\u00edculos afectados<\/h3>\n<\/div><\/div><\/div><div class=\"fusion-clearfix\"><\/div><\/div><\/div><div class=\"fusion-layout-column fusion_builder_column fusion-builder-column-9 fusion_builder_column_1_6 1_6 fusion-one-sixth timeline-number\" style=\"--awb-bg-size:cover;--awb-margin-top:0px;--awb-margin-bottom:0px;width:16.666666666667%;width:calc(16.666666666667% - ( ( 4% + 4% ) * 0.16666666666667 ) );margin-right: 4%;\"><div class=\"fusion-column-wrapper fusion-column-has-shadow fusion-flex-column-wrapper-legacy\"><div class=\"fusion-column-content-centered\"><div class=\"fusion-column-content\"><div class=\"fusion-text fusion-text-11\"><p>2<\/p>\n<\/div><div class=\"fusion-text fusion-text-12 show-mobile\"><h3>Veh\u00edculos afectados<\/h3>\n<\/div><\/div><\/div><div class=\"fusion-clearfix\"><\/div><\/div><\/div><div class=\"fusion-layout-column fusion_builder_column fusion-builder-column-10 fusion_builder_column_1_2 1_2 fusion-one-half fusion-column-last timeline-text\" style=\"--awb-bg-size:cover;--awb-margin-top:0px;--awb-margin-bottom:0px;width:50%;width:calc(50% - ( ( 4% + 4% ) * 0.5 ) );\"><div class=\"fusion-column-wrapper fusion-column-has-shadow fusion-flex-column-wrapper-legacy\"><div class=\"fusion-column-content-centered\"><div class=\"fusion-column-content\"><div class=\"fusion-text fusion-text-13\"><p>Turismos sin distintivo de la DGT:<br \/>\n\u00b7 <strong>gasolina <\/strong>matriculados antes del 01\/2000 (que no cumplan Euro 3) y<br \/>\n\u00b7 <strong>di\u00e9sel <\/strong>matriculados antes del 01\/2006 (que no cumplan Euro 4).<br \/>\nComprueba el distintivo ambiental de tu veh\u00edculo en <a id=\"link-9bnyhiwcd2c\" class=\"url-link\" href=\"https:\/\/sede.dgt.gob.es\/es\/vehiculos\/distintivo-ambiental\/\" target=\"_blank\" rel=\"noopener noreferrer\"><strong>este enlace<\/strong><\/a>.<\/p>\n<\/div><\/div><\/div><div class=\"fusion-clearfix\"><\/div><\/div><\/div><div class=\"fusion-layout-column fusion_builder_column fusion-builder-column-11 fusion_builder_column_1_3 1_3 fusion-one-third fusion-column-first timeline-title\" style=\"--awb-bg-size:cover;--awb-margin-top:0px;--awb-margin-bottom:0px;width:33.333333333333%;width:calc(33.333333333333% - ( ( 4% + 4% ) * 0.33333333333333 ) );margin-right: 4%;\"><div class=\"fusion-column-wrapper fusion-column-has-shadow fusion-flex-column-wrapper-legacy\"><div class=\"fusion-column-content-centered\"><div class=\"fusion-column-content\"><div class=\"fusion-text fusion-text-14 show-desktop\"><h3>Motos y ciclomotores<\/h3>\n<\/div><\/div><\/div><div class=\"fusion-clearfix\"><\/div><\/div><\/div><div class=\"fusion-layout-column fusion_builder_column fusion-builder-column-12 fusion_builder_column_1_6 1_6 fusion-one-sixth timeline-number\" style=\"--awb-bg-size:cover;--awb-margin-top:0px;--awb-margin-bottom:0px;width:16.666666666667%;width:calc(16.666666666667% - ( ( 4% + 4% ) * 0.16666666666667 ) );margin-right: 4%;\"><div class=\"fusion-column-wrapper fusion-column-has-shadow fusion-flex-column-wrapper-legacy\"><div class=\"fusion-column-content-centered\"><div class=\"fusion-column-content\"><div class=\"fusion-text fusion-text-15\"><p>3<\/p>\n<\/div><div class=\"fusion-text fusion-text-16 show-mobile\"><h3>Motos y ciclomotores<\/h3>\n<\/div><\/div><\/div><div class=\"fusion-clearfix\"><\/div><\/div><\/div><div class=\"fusion-layout-column fusion_builder_column fusion-builder-column-13 fusion_builder_column_1_2 1_2 fusion-one-half fusion-column-last timeline-text\" style=\"--awb-bg-size:cover;--awb-margin-top:0px;--awb-margin-bottom:0px;width:50%;width:calc(50% - ( ( 4% + 4% ) * 0.5 ) );\"><div class=\"fusion-column-wrapper fusion-column-has-shadow fusion-flex-column-wrapper-legacy\"><div class=\"fusion-column-content-centered\"><div class=\"fusion-column-content\"><div class=\"fusion-text fusion-text-17\"><p>Las restricciones tambi\u00e9n afectan a motos y ciclomotores sin distintivo de la DGT: matriculadas antes de <strong>enero de 2003<\/strong>.<\/p>\n<\/div><\/div><\/div><div class=\"fusion-clearfix\"><\/div><\/div><\/div><div class=\"fusion-layout-column fusion_builder_column fusion-builder-column-14 fusion_builder_column_1_3 1_3 fusion-one-third fusion-column-first timeline-title\" style=\"--awb-bg-size:cover;--awb-margin-top:0px;--awb-margin-bottom:0px;width:33.333333333333%;width:calc(33.333333333333% - ( ( 4% + 4% ) * 0.33333333333333 ) );margin-right: 4%;\"><div class=\"fusion-column-wrapper fusion-column-has-shadow fusion-flex-column-wrapper-legacy\"><div class=\"fusion-column-content-centered\"><div class=\"fusion-column-content\"><div class=\"fusion-text fusion-text-18 show-desktop\"><h3>Moratoria temporal<\/h3>\n<\/div><\/div><\/div><div class=\"fusion-clearfix\"><\/div><\/div><\/div><div class=\"fusion-layout-column fusion_builder_column fusion-builder-column-15 fusion_builder_column_1_6 1_6 fusion-one-sixth timeline-number\" style=\"--awb-bg-size:cover;--awb-margin-top:0px;--awb-margin-bottom:0px;width:16.666666666667%;width:calc(16.666666666667% - ( ( 4% + 4% ) * 0.16666666666667 ) );margin-right: 4%;\"><div class=\"fusion-column-wrapper fusion-column-has-shadow fusion-flex-column-wrapper-legacy\"><div class=\"fusion-column-content-centered\"><div class=\"fusion-column-content\"><div class=\"fusion-text fusion-text-19\"><p>4<\/p>\n<\/div><div class=\"fusion-text fusion-text-20 show-mobile\"><h3>Moratoria temporal<\/h3>\n<\/div><\/div><\/div><div class=\"fusion-clearfix\"><\/div><\/div><\/div><div class=\"fusion-layout-column fusion_builder_column fusion-builder-column-16 fusion_builder_column_1_2 1_2 fusion-one-half fusion-column-last timeline-text\" style=\"--awb-bg-size:cover;--awb-margin-top:0px;--awb-margin-bottom:0px;width:50%;width:calc(50% - ( ( 4% + 4% ) * 0.5 ) );\"><div class=\"fusion-column-wrapper fusion-column-has-shadow fusion-flex-column-wrapper-legacy\"><div class=\"fusion-column-content-centered\"><div class=\"fusion-column-content\"><div class=\"fusion-text fusion-text-21\"><p>Moratoria de un a\u00f1o para que puedan circular <strong>autocares, furgonetas y camiones de uso profesional<\/strong> (categor\u00edas N1, N2, N3, M2 y M3) y las personas vulnerables que necesitan el veh\u00edculo para trabajar y acrediten unos ingresos inferiores al IPREM m\u00e1s el 10%.<\/p>\n<\/div><\/div><\/div><div class=\"fusion-clearfix\"><\/div><\/div><\/div><div class=\"fusion-layout-column fusion_builder_column fusion-builder-column-17 fusion_builder_column_1_3 1_3 fusion-one-third fusion-column-first timeline-title\" style=\"--awb-bg-size:cover;--awb-margin-top:0px;--awb-margin-bottom:0px;width:33.333333333333%;width:calc(33.333333333333% - ( ( 4% + 4% ) * 0.33333333333333 ) );margin-right: 4%;\"><div class=\"fusion-column-wrapper fusion-column-has-shadow fusion-flex-column-wrapper-legacy\"><div class=\"fusion-column-content-centered\"><div class=\"fusion-column-content\"><div class=\"fusion-text fusion-text-22 show-desktop\"><h3>Veh\u00edculos exentos<\/h3>\n<\/div><\/div><\/div><div class=\"fusion-clearfix\"><\/div><\/div><\/div><div class=\"fusion-layout-column fusion_builder_column fusion-builder-column-18 fusion_builder_column_1_6 1_6 fusion-one-sixth timeline-number\" style=\"--awb-bg-size:cover;--awb-margin-top:0px;--awb-margin-bottom:0px;width:16.666666666667%;width:calc(16.666666666667% - ( ( 4% + 4% ) * 0.16666666666667 ) );margin-right: 4%;\"><div class=\"fusion-column-wrapper fusion-column-has-shadow fusion-flex-column-wrapper-legacy\"><div class=\"fusion-column-content-centered\"><div class=\"fusion-column-content\"><div class=\"fusion-text fusion-text-23\"><p>5<\/p>\n<\/div><div class=\"fusion-text fusion-text-24 show-mobile\"><h3>Veh\u00edculos exentos<\/h3>\n<\/div><\/div><\/div><div class=\"fusion-clearfix\"><\/div><\/div><\/div><div class=\"fusion-layout-column fusion_builder_column fusion-builder-column-19 fusion_builder_column_1_2 1_2 fusion-one-half fusion-column-last timeline-text\" style=\"--awb-bg-size:cover;--awb-margin-top:0px;--awb-margin-bottom:0px;width:50%;width:calc(50% - ( ( 4% + 4% ) * 0.5 ) );\"><div class=\"fusion-column-wrapper fusion-column-has-shadow fusion-flex-column-wrapper-legacy\"><div class=\"fusion-column-content-centered\"><div class=\"fusion-column-content\"><div class=\"fusion-text fusion-text-25\"><p>\u00b7 Veh\u00edculos de transporte de personas con movilidad reducida (<strong>PMR<\/strong>).<br \/>\n\u00b7 Veh\u00edculos de <strong>emergencias y servicios esenciales<\/strong> (polic\u00eda, m\u00e9dicos, bomberos&#8230;).<br \/>\n\u00b7 Otros veh\u00edculos de servicios, como veh\u00edculos taller y laboratorio.<br \/>\n\u00b7 Deben estar dados de alta en el Registro Metropolitano.<br \/>\n\u00b7 Veh\u00edculos para personas con enfermedades que les condicionan el uso del transporte p\u00fablico o que tengan que hacer tratamientos m\u00e9dicos de manera peri\u00f3dica<\/p>\n<\/div><\/div><\/div><div class=\"fusion-clearfix\"><\/div><\/div><\/div><div class=\"fusion-layout-column fusion_builder_column fusion-builder-column-20 fusion_builder_column_1_3 1_3 fusion-one-third fusion-column-first timeline-title\" style=\"--awb-bg-size:cover;--awb-margin-top:0px;--awb-margin-bottom:0px;width:33.333333333333%;width:calc(33.333333333333% - ( ( 4% + 4% ) * 0.33333333333333 ) );margin-right: 4%;\"><div class=\"fusion-column-wrapper fusion-column-has-shadow fusion-flex-column-wrapper-legacy\"><div class=\"fusion-column-content-centered\"><div class=\"fusion-column-content\"><div class=\"fusion-text fusion-text-26 show-desktop\"><h3>Zona de afectaci\u00f3n<\/h3>\n<\/div><\/div><\/div><div class=\"fusion-clearfix\"><\/div><\/div><\/div><div class=\"fusion-layout-column fusion_builder_column fusion-builder-column-21 fusion_builder_column_1_6 1_6 fusion-one-sixth timeline-number\" style=\"--awb-bg-size:cover;--awb-margin-top:0px;--awb-margin-bottom:0px;width:16.666666666667%;width:calc(16.666666666667% - ( ( 4% + 4% ) * 0.16666666666667 ) );margin-right: 4%;\"><div class=\"fusion-column-wrapper fusion-column-has-shadow fusion-flex-column-wrapper-legacy\"><div class=\"fusion-column-content-centered\"><div class=\"fusion-column-content\"><div class=\"fusion-text fusion-text-27\"><p>6<\/p>\n<\/div><div class=\"fusion-text fusion-text-28 show-mobile\"><h3>Zona de afectaci\u00f3n<\/h3>\n<\/div><\/div><\/div><div class=\"fusion-clearfix\"><\/div><\/div><\/div><div class=\"fusion-layout-column fusion_builder_column fusion-builder-column-22 fusion_builder_column_1_2 1_2 fusion-one-half fusion-column-last timeline-text\" style=\"--awb-bg-size:cover;--awb-margin-top:0px;--awb-margin-bottom:0px;width:50%;width:calc(50% - ( ( 4% + 4% ) * 0.5 ) );\"><div class=\"fusion-column-wrapper fusion-column-has-shadow fusion-flex-column-wrapper-legacy\"><div class=\"fusion-column-content-centered\"><div class=\"fusion-column-content\"><div class=\"fusion-text fusion-text-29\"><p>L\u00edmites territoriales dentro de las <strong>Rondas<\/strong>, englobando localidades como L&#8217;<strong>Hospitalet<\/strong> y partes de otros municipios lim\u00edtrofes con las Rondas (<strong>Esplugues y Cornell\u00e0 de Llobregat, y Sant Adri\u00e0 de Bes\u00f2s<\/strong>). Excluye: Vallvidrera, Tibidabo, Les Planes, la Zona Franca y el pol\u00edgono industrial de Sant Andri\u00e0.<\/p>\n<\/div><\/div><\/div><div class=\"fusion-clearfix\"><\/div><\/div><\/div><div class=\"fusion-layout-column fusion_builder_column fusion-builder-column-23 fusion_builder_column_1_3 1_3 fusion-one-third fusion-column-first timeline-title\" style=\"--awb-bg-size:cover;--awb-margin-top:0px;--awb-margin-bottom:0px;width:33.333333333333%;width:calc(33.333333333333% - ( ( 4% + 4% ) * 0.33333333333333 ) );margin-right: 4%;\"><div class=\"fusion-column-wrapper fusion-column-has-shadow fusion-flex-column-wrapper-legacy\"><div class=\"fusion-column-content-centered\"><div class=\"fusion-column-content\"><div class=\"fusion-text fusion-text-30 show-desktop\"><h3>Rondas de Dalt y del Litoral<\/h3>\n<\/div><\/div><\/div><div class=\"fusion-clearfix\"><\/div><\/div><\/div><div class=\"fusion-layout-column fusion_builder_column fusion-builder-column-24 fusion_builder_column_1_6 1_6 fusion-one-sixth timeline-number\" style=\"--awb-bg-size:cover;--awb-margin-top:0px;--awb-margin-bottom:0px;width:16.666666666667%;width:calc(16.666666666667% - ( ( 4% + 4% ) * 0.16666666666667 ) );margin-right: 4%;\"><div class=\"fusion-column-wrapper fusion-column-has-shadow fusion-flex-column-wrapper-legacy\"><div class=\"fusion-column-content-centered\"><div class=\"fusion-column-content\"><div class=\"fusion-text fusion-text-31\"><p>7<\/p>\n<\/div><div class=\"fusion-text fusion-text-32 show-mobile\"><h3>Rondas de Dalt y del Litoral<\/h3>\n<\/div><\/div><\/div><div class=\"fusion-clearfix\"><\/div><\/div><\/div><div class=\"fusion-layout-column fusion_builder_column fusion-builder-column-25 fusion_builder_column_1_2 1_2 fusion-one-half fusion-column-last timeline-text\" style=\"--awb-bg-size:cover;--awb-margin-top:0px;--awb-margin-bottom:0px;width:50%;width:calc(50% - ( ( 4% + 4% ) * 0.5 ) );\"><div class=\"fusion-column-wrapper fusion-column-has-shadow fusion-flex-column-wrapper-legacy\"><div class=\"fusion-column-content-centered\"><div class=\"fusion-column-content\"><div class=\"fusion-text fusion-text-33\"><p>Estas v\u00edas <strong>no est\u00e1n dentro<\/strong> de la ZBE. Los veh\u00edculos sin distintivo medioambiental de la DGT s\u00ed que pueden circular por ellas.<\/p>\n<\/div><\/div><\/div><div class=\"fusion-clearfix\"><\/div><\/div><\/div><div class=\"fusion-layout-column fusion_builder_column fusion-builder-column-26 fusion_builder_column_1_3 1_3 fusion-one-third fusion-column-first timeline-title\" style=\"--awb-bg-size:cover;--awb-margin-top:0px;--awb-margin-bottom:0px;width:33.333333333333%;width:calc(33.333333333333% - ( ( 4% + 4% ) * 0.33333333333333 ) );margin-right: 4%;\"><div class=\"fusion-column-wrapper fusion-column-has-shadow fusion-flex-column-wrapper-legacy\"><div class=\"fusion-column-content-centered\"><div class=\"fusion-column-content\"><div class=\"fusion-text fusion-text-34 show-desktop\"><h3>Control de los veh\u00edculos<\/h3>\n<\/div><\/div><\/div><div class=\"fusion-clearfix\"><\/div><\/div><\/div><div class=\"fusion-layout-column fusion_builder_column fusion-builder-column-27 fusion_builder_column_1_6 1_6 fusion-one-sixth timeline-number\" style=\"--awb-bg-size:cover;--awb-margin-top:0px;--awb-margin-bottom:0px;width:16.666666666667%;width:calc(16.666666666667% - ( ( 4% + 4% ) * 0.16666666666667 ) );margin-right: 4%;\"><div class=\"fusion-column-wrapper fusion-column-has-shadow fusion-flex-column-wrapper-legacy\"><div class=\"fusion-column-content-centered\"><div class=\"fusion-column-content\"><div class=\"fusion-text fusion-text-35\"><p>8<\/p>\n<\/div><div class=\"fusion-text fusion-text-36 show-mobile\"><h3>Control de los veh\u00edculos<\/h3>\n<\/div><\/div><\/div><div class=\"fusion-clearfix\"><\/div><\/div><\/div><div class=\"fusion-layout-column fusion_builder_column fusion-builder-column-28 fusion_builder_column_1_2 1_2 fusion-one-half fusion-column-last timeline-text\" style=\"--awb-bg-size:cover;--awb-margin-top:0px;--awb-margin-bottom:0px;width:50%;width:calc(50% - ( ( 4% + 4% ) * 0.5 ) );\"><div class=\"fusion-column-wrapper fusion-column-has-shadow fusion-flex-column-wrapper-legacy\"><div class=\"fusion-column-content-centered\"><div class=\"fusion-column-content\"><div class=\"fusion-text fusion-text-37\"><p>\u00b7 70 <strong>c\u00e1maras <\/strong>detectan los veh\u00edculos vetados.<br \/>\n\u00b7 Un coche con <strong>lector de matr\u00edculas<\/strong> circula por la ZBE en el horario restringido.<br \/>\n\u00b7 Cualquier agente de la <strong>polic\u00eda local<\/strong> puede sancionar a un veh\u00edculo sin distintivo.<\/p>\n<\/div><\/div><\/div><div class=\"fusion-clearfix\"><\/div><\/div><\/div><div class=\"fusion-layout-column fusion_builder_column fusion-builder-column-29 fusion_builder_column_1_3 1_3 fusion-one-third fusion-column-first timeline-title\" style=\"--awb-bg-size:cover;--awb-margin-top:0px;--awb-margin-bottom:0px;width:33.333333333333%;width:calc(33.333333333333% - ( ( 4% + 4% ) * 0.33333333333333 ) );margin-right: 4%;\"><div class=\"fusion-column-wrapper fusion-column-has-shadow fusion-flex-column-wrapper-legacy\"><div class=\"fusion-column-content-centered\"><div class=\"fusion-column-content\"><div class=\"fusion-text fusion-text-38 show-desktop\"><h3>Permisos especiales<\/h3>\n<\/div><\/div><\/div><div class=\"fusion-clearfix\"><\/div><\/div><\/div><div class=\"fusion-layout-column fusion_builder_column fusion-builder-column-30 fusion_builder_column_1_6 1_6 fusion-one-sixth timeline-number\" style=\"--awb-bg-size:cover;--awb-margin-top:0px;--awb-margin-bottom:0px;width:16.666666666667%;width:calc(16.666666666667% - ( ( 4% + 4% ) * 0.16666666666667 ) );margin-right: 4%;\"><div class=\"fusion-column-wrapper fusion-column-has-shadow fusion-flex-column-wrapper-legacy\"><div class=\"fusion-column-content-centered\"><div class=\"fusion-column-content\"><div class=\"fusion-text fusion-text-39\"><p>9<\/p>\n<\/div><div class=\"fusion-text fusion-text-40 show-mobile\"><h3>Permisos especiales<\/h3>\n<\/div><\/div><\/div><div class=\"fusion-clearfix\"><\/div><\/div><\/div><div class=\"fusion-layout-column fusion_builder_column fusion-builder-column-31 fusion_builder_column_1_2 1_2 fusion-one-half fusion-column-last timeline-text\" style=\"--awb-bg-size:cover;--awb-margin-top:0px;--awb-margin-bottom:0px;width:50%;width:calc(50% - ( ( 4% + 4% ) * 0.5 ) );\"><div class=\"fusion-column-wrapper fusion-column-has-shadow fusion-flex-column-wrapper-legacy\"><div class=\"fusion-column-content-centered\"><div class=\"fusion-column-content\"><div class=\"fusion-text fusion-text-41\"><p>Las personas con un veh\u00edculo sin etiqueta pueden desplazarse, previa autorizaci\u00f3n, un m\u00e1ximo de <strong>10 veces al a\u00f1o<\/strong>, previo <strong>abono de 2 \u20ac por cada autorizaci\u00f3n<\/strong> diaria. Las personas con rentas bajas tienen una tarifa m\u00e1s econ\u00f3mica o gratuita. El permiso se tiene que pedir en <a id=\"link-ob49ti0sjt\" class=\"url-link\" href=\"https:\/\/zberegistre.ambmobilitat.cat\/\" target=\"_blank\" rel=\"noopener noreferrer\"><u>esta web<\/u><\/a> y sirve para casos puntuales, como visitas m\u00e9dicas, llevar el coche al taller o a la ITV. Tambi\u00e9n hay permisos temporales para personas que sigan un tratamiento m\u00e9dico.<\/p>\n<\/div><\/div><\/div><div class=\"fusion-clearfix\"><\/div><\/div><\/div><div class=\"fusion-layout-column fusion_builder_column fusion-builder-column-32 fusion_builder_column_1_3 1_3 fusion-one-third fusion-column-first timeline-title\" style=\"--awb-bg-size:cover;--awb-margin-top:0px;--awb-margin-bottom:0px;width:33.333333333333%;width:calc(33.333333333333% - ( ( 4% + 4% ) * 0.33333333333333 ) );margin-right: 4%;\"><div class=\"fusion-column-wrapper fusion-column-has-shadow fusion-flex-column-wrapper-legacy\"><div class=\"fusion-column-content-centered\"><div class=\"fusion-column-content\"><div class=\"fusion-text fusion-text-42 show-desktop\"><h3>Targeta T-verde<\/h3>\n<\/div><\/div><\/div><div class=\"fusion-clearfix\"><\/div><\/div><\/div><div class=\"fusion-layout-column fusion_builder_column fusion-builder-column-33 fusion_builder_column_1_6 1_6 fusion-one-sixth timeline-number\" style=\"--awb-bg-size:cover;--awb-margin-top:0px;--awb-margin-bottom:0px;width:16.666666666667%;width:calc(16.666666666667% - ( ( 4% + 4% ) * 0.16666666666667 ) );margin-right: 4%;\"><div class=\"fusion-column-wrapper fusion-column-has-shadow fusion-flex-column-wrapper-legacy\"><div class=\"fusion-column-content-centered\"><div class=\"fusion-column-content\"><div class=\"fusion-text fusion-text-43\"><p>10<\/p>\n<\/div><div class=\"fusion-text fusion-text-44 show-mobile\"><h3>Targeta T-verde<\/h3>\n<\/div><\/div><\/div><div class=\"fusion-clearfix\"><\/div><\/div><\/div><div class=\"fusion-layout-column fusion_builder_column fusion-builder-column-34 fusion_builder_column_1_2 1_2 fusion-one-half fusion-column-last timeline-text\" style=\"--awb-bg-size:cover;--awb-margin-top:0px;--awb-margin-bottom:0px;width:50%;width:calc(50% - ( ( 4% + 4% ) * 0.5 ) );\"><div class=\"fusion-column-wrapper fusion-column-has-shadow fusion-flex-column-wrapper-legacy\"><div class=\"fusion-column-content-centered\"><div class=\"fusion-column-content\"><div class=\"fusion-text fusion-text-45\"><p>Es un pase de <strong>transporte p\u00fablico gratuito<\/strong> v\u00e1lido en todo el \u00e1mbito integrado durante 3 a\u00f1os. Lo pueden obtener las personas que hayan <strong>desguazado un veh\u00edculo<\/strong> afectado, en los 6 meses anteriores a la solicitud, y que no compren otro veh\u00edculo durante los 3 a\u00f1os de vigencia de la tarjeta.<\/p>\n<\/div><\/div><\/div><div class=\"fusion-clearfix\"><\/div><\/div><\/div><div class=\"fusion-layout-column fusion_builder_column fusion-builder-column-35 fusion_builder_column_1_3 1_3 fusion-one-third fusion-column-first timeline-title\" style=\"--awb-bg-size:cover;--awb-margin-top:0px;--awb-margin-bottom:0px;width:33.333333333333%;width:calc(33.333333333333% - ( ( 4% + 4% ) * 0.33333333333333 ) );margin-right: 4%;\"><div class=\"fusion-column-wrapper fusion-column-has-shadow fusion-flex-column-wrapper-legacy\"><div class=\"fusion-column-content-centered\"><div class=\"fusion-column-content\"><div class=\"fusion-text fusion-text-46 show-desktop\"><h3>Veh\u00edculos cl\u00e1sicos\/hist\u00f3ricos<\/h3>\n<\/div><\/div><\/div><div class=\"fusion-clearfix\"><\/div><\/div><\/div><div class=\"fusion-layout-column fusion_builder_column fusion-builder-column-36 fusion_builder_column_1_6 1_6 fusion-one-sixth timeline-number\" style=\"--awb-bg-size:cover;--awb-margin-top:0px;--awb-margin-bottom:0px;width:16.666666666667%;width:calc(16.666666666667% - ( ( 4% + 4% ) * 0.16666666666667 ) );margin-right: 4%;\"><div class=\"fusion-column-wrapper fusion-column-has-shadow fusion-flex-column-wrapper-legacy\"><div class=\"fusion-column-content-centered\"><div class=\"fusion-column-content\"><div class=\"fusion-text fusion-text-47\"><p>11<\/p>\n<\/div><div class=\"fusion-text fusion-text-48 show-mobile\"><h3>Veh\u00edculos cl\u00e1sicos\/hist\u00f3ricos<\/h3>\n<\/div><\/div><\/div><div class=\"fusion-clearfix\"><\/div><\/div><\/div><div class=\"fusion-layout-column fusion_builder_column fusion-builder-column-37 fusion_builder_column_1_2 1_2 fusion-one-half fusion-column-last timeline-text\" style=\"--awb-bg-size:cover;--awb-margin-top:0px;--awb-margin-bottom:0px;width:50%;width:calc(50% - ( ( 4% + 4% ) * 0.5 ) );\"><div class=\"fusion-column-wrapper fusion-column-has-shadow fusion-flex-column-wrapper-legacy\"><div class=\"fusion-column-content-centered\"><div class=\"fusion-column-content\"><div class=\"fusion-text fusion-text-49\"><p>Pueden circular los <strong>d\u00edas laborables<\/strong> fuera del horario de las restricciones, y en horario libre los <strong>fines de semana y festivos<\/strong>. Disponen de los 10 d\u00edas\/a\u00f1o para circular pidiendo autorizaci\u00f3n previa.<\/p>\n<\/div><\/div><\/div><div class=\"fusion-clearfix\"><\/div><\/div><\/div><div class=\"fusion-layout-column fusion_builder_column fusion-builder-column-38 fusion_builder_column_1_3 1_3 fusion-one-third fusion-column-first timeline-title\" style=\"--awb-bg-size:cover;--awb-margin-top:0px;--awb-margin-bottom:0px;width:33.333333333333%;width:calc(33.333333333333% - ( ( 4% + 4% ) * 0.33333333333333 ) );margin-right: 4%;\"><div class=\"fusion-column-wrapper fusion-column-has-shadow fusion-flex-column-wrapper-legacy\"><div class=\"fusion-column-content-centered\"><div class=\"fusion-column-content\"><div class=\"fusion-text fusion-text-50 show-desktop\"><h3>Veh\u00edculos de otras provincias o extranjeros<\/h3>\n<\/div><\/div><\/div><div class=\"fusion-clearfix\"><\/div><\/div><\/div><div class=\"fusion-layout-column fusion_builder_column fusion-builder-column-39 fusion_builder_column_1_6 1_6 fusion-one-sixth timeline-number\" style=\"--awb-bg-size:cover;--awb-margin-top:0px;--awb-margin-bottom:0px;width:16.666666666667%;width:calc(16.666666666667% - ( ( 4% + 4% ) * 0.16666666666667 ) );margin-right: 4%;\"><div class=\"fusion-column-wrapper fusion-column-has-shadow fusion-flex-column-wrapper-legacy\"><div class=\"fusion-column-content-centered\"><div class=\"fusion-column-content\"><div class=\"fusion-text fusion-text-51\"><p>12<\/p>\n<\/div><div class=\"fusion-text fusion-text-52 show-mobile\"><h3>Veh\u00edculos de otras provincias o extranjeros<\/h3>\n<\/div><\/div><\/div><div class=\"fusion-clearfix\"><\/div><\/div><\/div><div class=\"fusion-layout-column fusion_builder_column fusion-builder-column-40 fusion_builder_column_1_2 1_2 fusion-one-half fusion-column-last timeline-text\" style=\"--awb-bg-size:cover;--awb-margin-top:0px;--awb-margin-bottom:0px;width:50%;width:calc(50% - ( ( 4% + 4% ) * 0.5 ) );\"><div class=\"fusion-column-wrapper fusion-column-has-shadow fusion-flex-column-wrapper-legacy\"><div class=\"fusion-column-content-centered\"><div class=\"fusion-column-content\"><div class=\"fusion-text fusion-text-53\"><p>Las restricciones afectan a <strong>todos los veh\u00edculos<\/strong>, procedan de donde procedan. Los extranjeros que deseen circular por la ZBE deben solicitar permiso y <strong>acreditar un distintivo ecol\u00f3gico<\/strong> equivalente. Este permiso cuesta 5 \u20ac. En caso de no cumplir las condiciones, tienen que sol\u00b7licitar aparte, las autorizaciones diarias, a 2\u20ac cada una, hasta un m\u00e1ximo de 10 al a\u00f1o.<\/p>\n<\/div><\/div><\/div><div class=\"fusion-clearfix\"><\/div><\/div><\/div><div class=\"fusion-layout-column fusion_builder_column fusion-builder-column-41 fusion_builder_column_1_3 1_3 fusion-one-third fusion-column-first timeline-title\" style=\"--awb-bg-size:cover;--awb-margin-top:0px;--awb-margin-bottom:0px;width:33.333333333333%;width:calc(33.333333333333% - ( ( 4% + 4% ) * 0.33333333333333 ) );margin-right: 4%;\"><div class=\"fusion-column-wrapper fusion-column-has-shadow fusion-flex-column-wrapper-legacy\"><div class=\"fusion-column-content-centered\"><div class=\"fusion-column-content\"><div class=\"fusion-text fusion-text-54 show-desktop\"><h3>Restricciones en actividades profesionales<\/h3>\n<\/div><\/div><\/div><div class=\"fusion-clearfix\"><\/div><\/div><\/div><div class=\"fusion-layout-column fusion_builder_column fusion-builder-column-42 fusion_builder_column_1_6 1_6 fusion-one-sixth timeline-number\" style=\"--awb-bg-size:cover;--awb-margin-top:0px;--awb-margin-bottom:0px;width:16.666666666667%;width:calc(16.666666666667% - ( ( 4% + 4% ) * 0.16666666666667 ) );margin-right: 4%;\"><div class=\"fusion-column-wrapper fusion-column-has-shadow fusion-flex-column-wrapper-legacy\"><div class=\"fusion-column-content-centered\"><div class=\"fusion-column-content\"><div class=\"fusion-text fusion-text-55\"><p>13<\/p>\n<\/div><div class=\"fusion-text fusion-text-56 show-mobile\"><h3>Restricciones en actividades profesionales<\/h3>\n<\/div><\/div><\/div><div class=\"fusion-clearfix\"><\/div><\/div><\/div><div class=\"fusion-layout-column fusion_builder_column fusion-builder-column-43 fusion_builder_column_1_2 1_2 fusion-one-half fusion-column-last timeline-text\" style=\"--awb-bg-size:cover;--awb-margin-top:0px;--awb-margin-bottom:0px;width:50%;width:calc(50% - ( ( 4% + 4% ) * 0.5 ) );\"><div class=\"fusion-column-wrapper fusion-column-has-shadow fusion-flex-column-wrapper-legacy\"><div class=\"fusion-column-content-centered\"><div class=\"fusion-column-content\"><div class=\"fusion-text fusion-text-57\"><p>Progresivamente tambi\u00e9n quedar\u00e1n afectados las furgonetas (N1), los camiones (N2, N3) y los autobuses (M2, M3) sin etiqueta ambiental.<br \/>\nLos conductores de veh\u00edculos M1 (turismos) y L (Motocicletas y ciclomotores) que sean necesarios para la actividad profesional, si los usuarios tienen una renta menor familiar de menos del doble del indicador de renta de efectos m\u00faltiples (IPREM) vigente se les aplicar\u00e1 la misma moratoria que a los veh\u00edculos profesionales.<\/p>\n<\/div><\/div><\/div><div class=\"fusion-clearfix\"><\/div><\/div><\/div><\/div><\/div><div class=\"fusion-fullwidth fullwidth-box fusion-builder-row-5 sanciones nonhundred-percent-fullwidth non-hundred-percent-height-scrolling\" style=\"--awb-border-radius-top-left:0px;--awb-border-radius-top-right:0px;--awb-border-radius-bottom-right:0px;--awb-border-radius-bottom-left:0px;--awb-margin-top:20px;--awb-background-color:#f2fae9;\" ><div class=\"fusion-builder-row fusion-row\"><div class=\"fusion-layout-column fusion_builder_column fusion-builder-column-44 fusion_builder_column_1_6 1_6 fusion-one-sixth fusion-column-first\" style=\"--awb-bg-size:cover;width:16.666666666667%;width:calc(16.666666666667% - ( ( 4% ) * 0.16666666666667 ) );margin-right: 4%;\"><div class=\"fusion-column-wrapper fusion-column-has-shadow fusion-flex-column-wrapper-legacy\"><div class=\"fusion-image-element fusion-image-align-center in-legacy-container\" style=\"text-align:center;\"><div class=\"imageframe-align-center\"><span class=\" fusion-imageframe imageframe-none imageframe-2 hover-type-none\"><img decoding=\"async\" width=\"168\" height=\"166\" title=\"46932890-0-sancion\" src=\"https:\/\/www.racc.es\/microsites\/wp-content\/uploads\/2020\/05\/46932890-0-sancion.png\" alt class=\"img-responsive wp-image-6433\" srcset=\"https:\/\/www.racc.es\/wp-content\/microsites\/wp-content\/uploads\/2020\/05\/46932890-0-sancion-66x66.png 66w, https:\/\/www.racc.es\/wp-content\/microsites\/wp-content\/uploads\/2020\/05\/46932890-0-sancion.png 168w\" sizes=\"(max-width: 168px) 100vw, 168px\" \/><\/span><\/div><\/div><div class=\"fusion-clearfix\"><\/div><\/div><\/div><div class=\"fusion-layout-column fusion_builder_column fusion-builder-column-45 fusion_builder_column_5_6 5_6 fusion-five-sixth fusion-column-last\" style=\"--awb-bg-size:cover;width:83.333333333333%;width:calc(83.333333333333% - ( ( 4% ) * 0.83333333333333 ) );\"><div class=\"fusion-column-wrapper fusion-column-has-shadow fusion-flex-column-wrapper-legacy\"><div class=\"fusion-text fusion-text-58\"><h2>\u00bfQu\u00e9 sanciones se aplican por no cumplir la norma?<\/h2>\n<p>Durante los 3 primeros meses no se sancionar\u00e1. Las sanciones pueden aumentar un 30% en caso de reincidencia. Se puede volver a multar al veh\u00edculo cuando pasen 90 minutos desde la anterior sanci\u00f3n. El 15 de septiembre se acaba la moratoria a la aplicaci\u00f3n del r\u00e9gimen sancionador. (Antes era el 1 de abril pero esta fecha se modific\u00f3 por la Covid-19)<\/p>\n<h3><strong>Multa de 100 \u20ac (50\u20ac, si se paga de forma r\u00e1pida)<\/strong><\/h3>\n<p><strong>Circulaci\u00f3n sin distintivo ambiental<\/strong><\/p>\n<ul>\n<li>Coches, motos, ciclomotores.<\/li>\n<li>Transporte de personas de 8 plazas m\u00e1ximo.<\/li>\n<li>Transporte de mercanc\u00edas igual o de menos de 3,5 toneladas.<\/li>\n<\/ul>\n<h3><strong>Multa de 200 \u20ac<\/strong><\/h3>\n<p><strong>Circulaci\u00f3n sin distintivo ambiental<\/strong><\/p>\n<ul>\n<li>Camiones, autocares y autobuses.<\/li>\n<li>Transporte de personas de m\u00e1s de 8 plazas.<\/li>\n<li>Transporte de mercanc\u00edas a partir de 3,5 toneladas.<\/li>\n<\/ul>\n<p><strong>Circulaci\u00f3n sin distintivo ambiental durante un episodio de contaminaci\u00f3n<\/strong><\/p>\n<ul>\n<li>Coches, motos, ciclomotores y veh\u00edculos ligeros de 3 o 4 ruedas.<\/li>\n<li>Transporte de mercanc\u00edas igual o de menos de 3,5 toneladas.<\/li>\n<\/ul>\n<h3><strong>Multa de 500 \u20ac<\/strong><\/h3>\n<p><strong>Circulaci\u00f3n sin distintivo ambiental durante un episodio de contaminaci\u00f3n<\/strong><\/p>\n<ul>\n<li>Camiones, autocares y autobuses.<\/li>\n<li>Transporte de personas de m\u00e1s de 8 plazas y de mercanc\u00edas a partir de 3,5 toneladas.<\/li>\n<\/ul>\n<\/div><div class=\"fusion-clearfix\"><\/div><\/div><\/div><\/div><\/div><div class=\"fusion-fullwidth fullwidth-box fusion-builder-row-6 faqs nonhundred-percent-fullwidth non-hundred-percent-height-scrolling\" style=\"--awb-border-radius-top-left:0px;--awb-border-radius-top-right:0px;--awb-border-radius-bottom-right:0px;--awb-border-radius-bottom-left:0px;--awb-padding-bottom:0px;\" ><div class=\"fusion-builder-row fusion-row\"><div class=\"fusion-layout-column fusion_builder_column fusion-builder-column-46 fusion_builder_column_1_1 1_1 fusion-one-full fusion-column-first fusion-column-last\" style=\"--awb-bg-size:cover;\"><div class=\"fusion-column-wrapper fusion-column-has-shadow fusion-flex-column-wrapper-legacy\"><div class=\"fusion-text fusion-text-59\"><h2 style=\"text-align: center;\">Preguntas frecuentes<\/h2>\n<\/div><div class=\"fusion-clearfix\"><\/div><\/div><\/div><\/div><\/div><div class=\"fusion-fullwidth fullwidth-box fusion-builder-row-7 faqs nonhundred-percent-fullwidth non-hundred-percent-height-scrolling\" style=\"--awb-border-radius-top-left:0px;--awb-border-radius-top-right:0px;--awb-border-radius-bottom-right:0px;--awb-border-radius-bottom-left:0px;--awb-padding-top:10px;\" ><div class=\"fusion-builder-row fusion-row\"><div class=\"fusion-layout-column fusion_builder_column fusion-builder-column-47 fusion_builder_column_1_1 1_1 fusion-one-full fusion-column-first fusion-column-last\" style=\"--awb-bg-size:cover;\"><div class=\"fusion-column-wrapper fusion-column-has-shadow fusion-flex-column-wrapper-legacy\"><div class=\"accordian fusion-accordian\" style=\"--awb-border-size:1px;--awb-icon-size:1px;--awb-content-font-size:16px;--awb-icon-alignment:left;--awb-hover-color:#f9f9f9;--awb-border-color:#cccccc;--awb-background-color:#ffffff;--awb-divider-color:#e0dede;--awb-divider-hover-color:#e0dede;--awb-icon-color:#ffffff;--awb-title-color:#000000;--awb-content-color:#000000;--awb-icon-box-color:#333333;--awb-toggle-hover-accent-color:#68a12c;--awb-title-font-family:&quot;Open Sans&quot;;--awb-title-font-weight:regular;--awb-title-font-style:normal;--awb-content-font-family:&quot;Open Sans&quot;;--awb-content-font-style:normal;--awb-content-font-weight:regular;\"><div class=\"panel-group fusion-toggle-icon-boxed\" id=\"accordion-6427-1\"><div class=\"fusion-panel panel-default panel-e8bdce9fe1574f978 fusion-toggle-has-divider\"><div class=\"panel-heading\"><h4 class=\"panel-title toggle\" id=\"toggle_e8bdce9fe1574f978\"><a aria-expanded=\"false\" aria-controls=\"e8bdce9fe1574f978\" role=\"button\" data-toggle=\"collapse\" data-parent=\"#accordion-6427-1\" data-target=\"#e8bdce9fe1574f978\" href=\"#e8bdce9fe1574f978\"><span class=\"fusion-toggle-icon-wrapper\" aria-hidden=\"true\"><i class=\"fa-fusion-box active-icon awb-icon-minus\" aria-hidden=\"true\"><\/i><i class=\"fa-fusion-box inactive-icon awb-icon-plus\" aria-hidden=\"true\"><\/i><\/span><span class=\"fusion-toggle-heading\"> \u00c1MBITO HORARIO Y TERRITORIAL DE LAS RESTRICCIONES<\/span><\/a><\/h4><\/div><div id=\"e8bdce9fe1574f978\" class=\"panel-collapse collapse \" araia-labelledby=\"toggle_e8bdce9fe1574f978\"><div class=\"panel-body toggle-content fusion-clearfix\">\n<ul>\n<li>\n<h4>\u00bfCu\u00e1ndo se ha empezado a aplicar la restricci\u00f3n del tr\u00e1fico?<\/h4>\n<p>Desde el 1 de enero de 2020 las restricciones son permanentes y se aplican los d\u00edas laborables (de lunes a viernes) de 7.00 a 20.00 h.<\/li>\n<li>\n<h4>\u00bfCu\u00e1l es la zona afectada por la que no se puede circular?<\/h4>\n<p>La Zona de Bajas Emisiones (ZBE) corresponde al \u00e1rea limitada por las rondas de Barcelona y engloba localidades como L&#8217;Hospitalet y partes de otros municipios lim\u00edtrofes, como Esplugues de Llobregat y Cornell\u00e0 de Llobregat, y Sant Adri\u00e0 de Bes\u00f2s (queda excluido el pol\u00edgono industrial). Tambi\u00e9n quedan fuera los barrios barceloneses de Vallvidrera, Tibidabo, Les Planes y la Zona Franca.<\/li>\n<li>\n<h4>\u00bfCu\u00e1l es la zona afectada por la que no se puede circular?<\/h4>\n<p>S\u00ed, cualquier veh\u00edculo puede circular por las rondas. La restricci\u00f3n a los veh\u00edculos sin etiqueta empieza a partir de sus salidas interiores.<\/li>\n<\/ul>\n<\/div><\/div><\/div><div class=\"fusion-panel panel-default panel-d26253c995c069145 fusion-toggle-has-divider\"><div class=\"panel-heading\"><h4 class=\"panel-title toggle\" id=\"toggle_d26253c995c069145\"><a aria-expanded=\"false\" aria-controls=\"d26253c995c069145\" role=\"button\" data-toggle=\"collapse\" data-parent=\"#accordion-6427-1\" data-target=\"#d26253c995c069145\" href=\"#d26253c995c069145\"><span class=\"fusion-toggle-icon-wrapper\" aria-hidden=\"true\"><i class=\"fa-fusion-box active-icon awb-icon-minus\" aria-hidden=\"true\"><\/i><i class=\"fa-fusion-box inactive-icon awb-icon-plus\" aria-hidden=\"true\"><\/i><\/span><span class=\"fusion-toggle-heading\">\u00bfQUI\u00c9N PUEDE CIRCULAR POR LA ZONA DE BAJAS EMISIONES?<\/span><\/a><\/h4><\/div><div id=\"d26253c995c069145\" class=\"panel-collapse collapse \" araia-labelledby=\"toggle_d26253c995c069145\"><div class=\"panel-body toggle-content fusion-clearfix\">\n<ul>\n<li>\n<h4>\u00bfQu\u00e9 veh\u00edculos est\u00e1n afectados por las restricciones de circulaci\u00f3n?<\/h4>\n<p>Los veh\u00edculos que no pueden circular en las horas y los d\u00edas de restricciones son los que no les corresponde tener la etiqueta ambiental de la Direcci\u00f3n General de Tr\u00e1fico (DGT). En general, y con algunas excepciones, son:<\/p>\n<p>&#8211; Turismos: gasolina matriculados antes de enero de 2000 (anteriores a la normativa Euro 3) y los di\u00e9sel matriculados antes de enero de 2006 (anteriores a Euro 4).<\/p>\n<p>&#8211; Ciclomotores, motos y veh\u00edculos ligeros de tres o cuatro ruedas matriculados antes de enero de 2003 (anteriores a Euro 2).<\/p>\n<p>La ordenanza que regula la Zona de Bajas Emisiones (ZBE) ha previsto que haya excepciones temporales y permanentes para algunos veh\u00edculos, como los de emergencias, los de personas con movilidad reducida o los de familias vulnerables que necesiten el veh\u00edculo para trabajar y acrediten rentas inferiores al IPREM m\u00e1s el 10%, lo que el 2019 equivale a 591,62\u20ac al mes.<\/li>\n<li>\n<h4>\u00bfD\u00f3nde puedo consultar si mi veh\u00edculo est\u00e1 afectado por las restricciones?<\/h4>\n<p>En la p\u00e1gina web de la Direcci\u00f3n General de Tr\u00e1fico (DGT) se puede consultar si al veh\u00edculo le corresponde etiqueta ambiental y de qu\u00e9 tipo. Basta con introducir la matr\u00edcula en este enlace: http:\/\/www.dgt.es\/es\/seguridad-vial\/distintivo-ambiental\/index.shtml.<\/p>\n<p>Si no le corresponde ning\u00fan distintivo, el veh\u00edculo estar\u00e1 afectado por las restricciones de circulaci\u00f3n dentro de la Zona de Bajas Emisiones.<\/li>\n<li>\n<h4>\u00bfExisten veh\u00edculos exentos de las restricciones?<\/h4>\n<p>Est\u00e1n exentos de la medida todos los veh\u00edculos de personas con movilidad reducida (PMR), los destinados a emergencias y servicios esenciales (polic\u00eda, m\u00e9dicos, bomberos, coches f\u00fanebres, etc.) y otros veh\u00edculos de servicios (como coches taller y laboratorio, unidades m\u00f3viles y veh\u00edculos blindados). Pero debe tenerse en cuenta que todos estos veh\u00edculos deben estar dados de alta en el Registro Metropolitano para poder disfrutar de la exenci\u00f3n.<\/li>\n<li>\n<h4>\u00bfPuedo solicitar una excepci\u00f3n o un permiso especial para m\u00ed?<\/h4>\n<p>Los veh\u00edculos sin etiqueta pueden pedir un permiso especial de 24 horas para circular por la Zona de Bajas Emisiones. Este permiso se puede pedir como m\u00e1ximo 10 veces al a\u00f1o y se tiene que tramitar online antes de las 23:59 h del d\u00eda anterior al que se necesite circular. Tambi\u00e9n es necesario que el veh\u00edculo est\u00e9 previamente dado de alta en el \u00abRegistro metropolitano de veh\u00edculos extranjeros y otros autorizados en las ZBE\u00bb, que es gestionado por el \u00c1rea Metropolitana de Barcelona. El coste de cada autorizaci\u00f3n diaria es de 2 \u20ac, aunque en funci\u00f3n de la renta puede ser de 1 \u20ac (si la renta familiar es inferior al doble del IPREM \u2013renta vigente de efectos m\u00faltiples\u2013, o sea, lo que en el a\u00f1o 2019 equival\u00eda a 1.075,68 euros mensuales) o gratuito (si la renta es inferior al IPREM m\u00e1s un 10%, es decir, 591,62 euros para el a\u00f1o 2019).<\/p>\n<p>En caso de urgencia m\u00e9dica, el permiso se puede tramitar hasta 3 d\u00edas despu\u00e9s de haber entrado en la ZBE. Tambi\u00e9n pueden pedir permisos temporales las personas que sigan un tratamiento m\u00e9dico de cierta duraci\u00f3n. El alta en el registro y la gesti\u00f3n de los permisos se pueden tramitar en la web <a href=\"https:\/\/zberegistre.ambmobilitat.cat\/\" target=\"_blank\" rel=\"noopener noreferrer\">zberegistre.ambmobilitat.cat<\/a>.<\/li>\n<li>\n<h4>\u00bfLos taxis pueden circular por la Zona de Bajas Emisiones?<\/h4>\n<p>Los taxis tienen las mismas restricciones de circulaci\u00f3n que los turismos.<\/li>\n<li>\n<h4>\u00bfLos veh\u00edculos cl\u00e1sicos e hist\u00f3ricos pueden circular?<\/h4>\n<p>Los veh\u00edculos cl\u00e1sicos e hist\u00f3ricos no disponen de etiqueta ambiental, por lo que su circulaci\u00f3n est\u00e1 restringida los d\u00edas laborables de 7.00 a 20.00 h, como ocurre con los dem\u00e1s veh\u00edculos sin distintivo.<\/p>\n<p>Si necesitan circular por la Zona de Bajas Emisiones en horario restringido, pueden solicitar un permiso de 24 horas hasta 10 veces al a\u00f1o, igual que los dem\u00e1s veh\u00edculos que no disponen de etiqueta.<\/li>\n<li>\n<h4>Un caso espec\u00edfico: di\u00e9sel matriculados a fines de 2005 o gasolina de fines de 1999<\/h4>\n<p>Aquellos usuarios que disponen de un turismo di\u00e9sel matriculado antes de 2006 o de un gasolina matriculado antes del 2000 podr\u00edan tener derecho a obtener la etiqueta ambiental de la DGT, a pesar de que por fecha de matriculaci\u00f3n no les corresponde. Se trata de una cifra reducida de veh\u00edculos que se matricularon equipando motores que ya cumpl\u00edan con la normativa Euro que todav\u00eda no hab\u00eda entrado en vigor.<\/p>\n<p>Seg\u00fan la DGT, en estos casos hay que mirar la ficha t\u00e9cnica de los veh\u00edculos para comprobar si cumplen la normativa Euro que les permite circular dentro de la zona de bajas emisiones (Euro 4 para di\u00e9sel, Euro 3 para gasolina). En caso afirmativo, se puede pedir a la DGT el env\u00edo de la etiqueta ambiental sin ning\u00fan coste y el cambio del nivel de emisiones Euro de nuestro coche que figura al registro de veh\u00edculos de la DGT.<\/p>\n<p>Si en la ficha t\u00e9cnica no consta la normativa Euro (es lo m\u00e1s habitual), se puede pedir un certificado del fabricante a trav\u00e9s del concesionario para que la marca nos indique bajo qu\u00e9 normativa Euro est\u00e1 fabricado el motor de nuestro veh\u00edculo. Si la respuesta del fabricante demuestra que nuestro veh\u00edculo cumple las normas Euro que le permiten obtener la etiqueta ambiental, la podremos pedir sin ning\u00fan coste a la DGT.<\/p>\n<p>Si queremos que estas emisiones Euro consten en la ficha t\u00e9cnica del veh\u00edculo, se tiene que pasar la ITV para certificar el error y despu\u00e9s pedir cita previa a la Jefatura Provincial de Tr\u00e1fico (DGT) para solicitar un duplicado de la ficha, con el coste a cargo del propietario del veh\u00edculo.<\/li>\n<\/ul>\n<\/div><\/div><\/div><div class=\"fusion-panel panel-default panel-68fb7d9b669105e23 fusion-toggle-has-divider\"><div class=\"panel-heading\"><h4 class=\"panel-title toggle\" id=\"toggle_68fb7d9b669105e23\"><a aria-expanded=\"false\" aria-controls=\"68fb7d9b669105e23\" role=\"button\" data-toggle=\"collapse\" data-parent=\"#accordion-6427-1\" data-target=\"#68fb7d9b669105e23\" href=\"#68fb7d9b669105e23\"><span class=\"fusion-toggle-icon-wrapper\" aria-hidden=\"true\"><i class=\"fa-fusion-box active-icon awb-icon-minus\" aria-hidden=\"true\"><\/i><i class=\"fa-fusion-box inactive-icon awb-icon-plus\" aria-hidden=\"true\"><\/i><\/span><span class=\"fusion-toggle-heading\"> LA ETIQUETA AMBIENTAL<\/span><\/a><\/h4><\/div><div id=\"68fb7d9b669105e23\" class=\"panel-collapse collapse \" araia-labelledby=\"toggle_68fb7d9b669105e23\"><div class=\"panel-body toggle-content fusion-clearfix\">\n<ul>\n<li>\n<h4>\u00bfD\u00f3nde puedo conseguir la etiqueta ambiental?<\/h4>\n<p>Si le corresponde una etiqueta ambiental y no la ha recibido en su domicilio, puede pedirla a trav\u00e9s de los siguientes canales:<\/p>\n<p>&#8211; Correos<\/p>\n<p>&#8211; Los socios del RACC pueden pedir el distintivo ambiental a trav\u00e9s del servicio de gestor\u00eda del RACC, que ofrece la posibilidad de solicitarla o hacer un duplicado. M\u00e1s informaci\u00f3n en su oficina RACC o en el tel\u00e9fono 900 357 357.<\/li>\n<li>\n<h4>Conozco a alguien que recibi\u00f3 la etiqueta sin haberla pedido. \u00bfPor qu\u00e9 yo no la he recibido?<\/h4>\n<p>Para dar a conocer el sistema de etiquetado ambiental, la Direcci\u00f3n General de Tr\u00e1fico (DGT) realiz\u00f3 una campa\u00f1a de lanzamiento inicial que consist\u00eda en el env\u00edo masivo de los distintivos a domicilios de las provincias de Madrid y Barcelona, mayoritariamente. El resto de la poblaci\u00f3n interesada en la obtenci\u00f3n de la etiqueta debe gestionarla personalmente.<\/li>\n<li>\n<h4>\u00bfEs obligatorio llevar la etiqueta ambiental?<\/h4>\n<p>No es obligatorio llevar la etiqueta ambiental. Sin embargo, es recomendable ponerla visible en el parabrisas delantero del veh\u00edculo.<\/li>\n<li>\n<h4>\u00bfQu\u00e9 es y para qu\u00e9 sirve la etiqueta?<\/h4>\n<p>La Direcci\u00f3n General de Tr\u00e1fico (DGT) cre\u00f3 una clasificaci\u00f3n del parque de veh\u00edculos seg\u00fan su potencial contaminante para que se utilice como instrumento al servicio de las pol\u00edticas municipales. Esta clasificaci\u00f3n se divide en cuatro categor\u00edas:<\/p>\n<p>\u2022 Etiqueta cero emisiones. Para los veh\u00edculos 100% el\u00e9ctricos, los h\u00edbridos enchufables con una autonom\u00eda en modo el\u00e9ctrico de m\u00e1s de 40 km y los llamados veh\u00edculos de autonom\u00eda extendida.<\/p>\n<p>\u2022 Etiqueta Eco. H\u00edbridos enchufables con menos de 40 km de autonom\u00eda el\u00e9ctrica, h\u00edbridos no enchufables, los de gas natural (GNC y GNL) o gas licuado del petr\u00f3leo (GLP).<\/p>\n<p>\u2022 Etiqueta C. Turismos y furgonetas ligeras de gasolina matriculadas desde enero de 2006 (Euro 4, Euro 5 y Euro 6) y di\u00e9sel a partir de 2014. Veh\u00edculos de m\u00e1s de 8 plazas y de mercanc\u00edas (gasolina y di\u00e9sel) desde 2005.<\/p>\n<p>\u2022 Etiqueta B. Turismos y furgonetas ligeras de gasolina matriculadas a partir de enero del a\u00f1o 2000 (Euro 3) y propulsados por di\u00e9sel a partir de enero de 2006 (Euro 4 y Euro 5).<\/p>\n<p><img decoding=\"async\" class=\"size-full wp-image-6431 aligncenter\" src=\"https:\/\/www.racc.es\/microsites\/wp-content\/uploads\/2020\/05\/47255255-0-ETIQUETES.jpg\" alt=\"\" width=\"378\" height=\"240\" srcset=\"https:\/\/www.racc.es\/wp-content\/microsites\/wp-content\/uploads\/2020\/05\/47255255-0-ETIQUETES-200x127.jpg 200w, https:\/\/www.racc.es\/wp-content\/microsites\/wp-content\/uploads\/2020\/05\/47255255-0-ETIQUETES-300x190.jpg 300w, https:\/\/www.racc.es\/wp-content\/microsites\/wp-content\/uploads\/2020\/05\/47255255-0-ETIQUETES-320x202.jpg 320w, https:\/\/www.racc.es\/wp-content\/microsites\/wp-content\/uploads\/2020\/05\/47255255-0-ETIQUETES.jpg 378w\" sizes=\"(max-width: 378px) 100vw, 378px\" \/><\/li>\n<\/ul>\n<\/div><\/div><\/div><div class=\"fusion-panel panel-default panel-ac53c92e88562adc6 fusion-toggle-has-divider\"><div class=\"panel-heading\"><h4 class=\"panel-title toggle\" id=\"toggle_ac53c92e88562adc6\"><a aria-expanded=\"false\" aria-controls=\"ac53c92e88562adc6\" role=\"button\" data-toggle=\"collapse\" data-parent=\"#accordion-6427-1\" data-target=\"#ac53c92e88562adc6\" href=\"#ac53c92e88562adc6\"><span class=\"fusion-toggle-icon-wrapper\" aria-hidden=\"true\"><i class=\"fa-fusion-box active-icon awb-icon-minus\" aria-hidden=\"true\"><\/i><i class=\"fa-fusion-box inactive-icon awb-icon-plus\" aria-hidden=\"true\"><\/i><\/span><span class=\"fusion-toggle-heading\"> SISTEMAS DE CONTROL Y SANCIONES<\/span><\/a><\/h4><\/div><div id=\"ac53c92e88562adc6\" class=\"panel-collapse collapse \" araia-labelledby=\"toggle_ac53c92e88562adc6\"><div class=\"panel-body toggle-content fusion-clearfix\">\n<ul>\n<li>\n<h4>\u00bfCu\u00e1l ser\u00e1 el importe de las sanciones por circular en la ZBE sin etiqueta ambiental?<\/h4>\n<p>Las sanciones pueden estar entre 100 y 200 euros en el caso de turismos, motos, ciclomotores y veh\u00edculos ligeros de tres o cuatro ruedas, y entre 100 y 500 euros si se trata de furgonetas, camiones, autocares y autobuses, dependiendo de si es una sanci\u00f3n leve, grave o muy grave. En caso de reincidencia, las sanciones pueden incrementarse un 30% respecto a su cuant\u00eda m\u00ednima.<\/li>\n<li>\n<h4>\u00bfCu\u00e1ndo empezar\u00e1n a aplicarse estas sanciones?<\/h4>\n<p>Las sanciones por incumplimiento de la normativa establecida en la ordenanza de la Zona de Bajas Emisiones se activar\u00e1n el 15 de septiembre de 2020.<\/p>\n<p>Para los veh\u00edculos destinados a una actividad profesional o econ\u00f3mica (autocares, autobuses, furgonetas y camiones) se aplicar\u00e1 una moratoria de un a\u00f1o antes de empezar a sancionarlos. Tambi\u00e9n tendr\u00e1n una moratoria de un a\u00f1o las personas vulnerables que necesiten el veh\u00edculo para trabajar y acrediten unos ingresos inferiores al IPREM m\u00e1s el 10%, lo que en 2019 equivale a 591,62\u20ac al mes.<\/li>\n<li>\n<h4>\u00bfC\u00f3mo se controlan los veh\u00edculos que circulan?<\/h4>\n<p>El Ayuntamiento de Barcelona ha desplegado un sistema de control autom\u00e1tico con m\u00e1s de 70 c\u00e1maras de lectura de matr\u00edculas en distintos puntos dentro de la ciudad y en sus accesos, que pueden detectar los veh\u00edculos vetados mediante la lectura de la matr\u00edcula y una inmediata consulta autom\u00e1tica a una base de datos.<\/li>\n<\/ul>\n<\/div><\/div><\/div><div class=\"fusion-panel panel-default panel-1f53191fd86e3a80e fusion-toggle-has-divider\"><div class=\"panel-heading\"><h4 class=\"panel-title toggle\" id=\"toggle_1f53191fd86e3a80e\"><a aria-expanded=\"false\" aria-controls=\"1f53191fd86e3a80e\" role=\"button\" data-toggle=\"collapse\" data-parent=\"#accordion-6427-1\" data-target=\"#1f53191fd86e3a80e\" href=\"#1f53191fd86e3a80e\"><span class=\"fusion-toggle-icon-wrapper\" aria-hidden=\"true\"><i class=\"fa-fusion-box active-icon awb-icon-minus\" aria-hidden=\"true\"><\/i><i class=\"fa-fusion-box inactive-icon awb-icon-plus\" aria-hidden=\"true\"><\/i><\/span><span class=\"fusion-toggle-heading\">OTRAS PREGUNTAS FRECUENTES<\/span><\/a><\/h4><\/div><div id=\"1f53191fd86e3a80e\" class=\"panel-collapse collapse \" araia-labelledby=\"toggle_1f53191fd86e3a80e\"><div class=\"panel-body toggle-content fusion-clearfix\">\n<ul>\n<li>\n<h4>\u00bfPueden prohibirme circular si he pagado el impuesto de circulaci\u00f3n?<\/h4>\n<p>El llamado habitualmente impuesto de circulaci\u00f3n es en realidad el Impuesto sobre Veh\u00edculos de Tracci\u00f3n Mec\u00e1nica (IVTM), que grava la titularidad, con independencia de la circulaci\u00f3n. El impuesto no se calcula o modera en funci\u00f3n de la circulaci\u00f3n real o esperada, sino que grava el ser propietario de un veh\u00edculo.<\/p>\n<p>El impuesto de circulaci\u00f3n, en consecuencia (a pesar de la confusi\u00f3n que puede generar llamarlo de esta forma el lenguaje coloquial), es un requisito legal para la titularidad sobre un veh\u00edculo que no da derecho a circular o, mejor dicho, no excluye la aplicaci\u00f3n de normas que puedan restringir la circulaci\u00f3n.<\/li>\n<li>\n<h4>\u00bfQu\u00e9 ha hecho el RACC para la defensa de los intereses de sus socios?<\/h4>\n<p>El RACC, anticip\u00e1ndose a las medidas de restricci\u00f3n de tr\u00e1fico, realiz\u00f3 en 2017 un estudio t\u00e9cnico sobre las emisiones reales de los veh\u00edculos que circulan por el \u00c1rea Metropolitana de Barcelona y que afectan a la calidad del aire.<\/p>\n<p>El estudio identific\u00f3 el parque de veh\u00edculos que circulaba por Barcelona y su \u00e1rea metropolitana, con el objetivo de conocer el impacto que pod\u00edan tener las restricciones de tr\u00e1fico. La conclusi\u00f3n que se extrajo de este estudio es que aproximadamente 150.000 personas se ver\u00edan afectadas diariamente por una medida que el RACC considera socialmente regresiva, ya que el porcentaje de veh\u00edculos sin etiqueta es superior en distritos o municipios con un menor PIB per c\u00e1pita.<\/p>\n<p>El RACC, conocedor de las implicaciones negativas que esta medida puede tener para muchos ciudadanos, ha trabajado con las administraciones competentes durante el proceso de formulaci\u00f3n de las restricciones. Sus principales demandas son:<\/p>\n<p>&#8211; Ayudas econ\u00f3micas para la adquisici\u00f3n de veh\u00edculos menos contaminantes.<\/p>\n<p>&#8211; Excepciones para determinados usuarios afectados y que \u00e9stos puedan solicitar autorizaciones de circulaci\u00f3n algunas veces al a\u00f1o.<\/p>\n<p>&#8211; Desarrollo de aparcamientos disuasorios en estaciones de tren en las cercan\u00edas de Barcelona, los llamados Park &amp; Ride, para mejorar la conexi\u00f3n en transporte p\u00fablico entre la ciudad y el \u00e1rea metropolitana.<\/p>\n<p>&#8211; Admisi\u00f3n de veh\u00edculos sin etiqueta cuando tengan una alta ocupaci\u00f3n (3 o m\u00e1s ocupantes) en la Zona de Bajas Emisiones (ZBE).<\/p>\n<p>&#8211; Progresividad para facilitar la adaptaci\u00f3n de los ciudadanos.<\/p>\n<p>&#8211; Modificar el horario de las restricciones los viernes, para que terminara a las 15.00 h y as\u00ed facilitar la operaci\u00f3n salida de fin de semana.<\/p>\n<p>Adem\u00e1s, el RACC present\u00f3 14<\/p>\n<p>nuevas propuestas para mejorar la calidad del aire. M\u00e1s informaci\u00f3n en: http:\/\/blog.racc.es\/coche\/las-14-propuestas-del-racc-para-mejorar-la-calidad-del-aire\/.<\/li>\n<li>\n<h4>Mi veh\u00edculo ha superado la ITV y el control de emisiones de gases contaminantes. \u00bfNo puedo circular por la Zona de Bajas Emisiones?<\/h4>\n<p>La ITV verifica que los veh\u00edculos cumplen las medidas de seguridad y los l\u00edmites de emisiones contaminantes permitidos, pero no mide los di\u00f3xidos de nitr\u00f3geno (NOx), el principal gas que provoca la mala calidad del aire. Dicho de otro modo, en la ITV solo se mide la opacidad de las emisiones del veh\u00edculo, es decir, las part\u00edculas en suspensi\u00f3n que emite el tubo de escape. Por ello, las autoridades pueden restringir la circulaci\u00f3n de aquellos veh\u00edculos m\u00e1s contaminantes, aunque hayan superado la ITV.<\/li>\n<\/ul>\n<\/div><\/div><\/div><\/div><\/div><div class=\"fusion-clearfix\"><\/div><\/div><\/div><\/div><\/div><\/p>\n","protected":false},"excerpt":{"rendered":"","protected":false},"author":12,"featured_media":0,"parent":0,"menu_order":0,"comment_status":"closed","ping_status":"closed","template":"100-width.php","meta":{"footnotes":""},"wf_page_folders":[100],"class_list":["post-6427","page","type-page","status-publish","hentry"],"_links":{"self":[{"href":"https:\/\/www.racc.es\/microsites\/wp-json\/wp\/v2\/pages\/6427","targetHints":{"allow":["GET"]}}],"collection":[{"href":"https:\/\/www.racc.es\/microsites\/wp-json\/wp\/v2\/pages"}],"about":[{"href":"https:\/\/www.racc.es\/microsites\/wp-json\/wp\/v2\/types\/page"}],"author":[{"embeddable":true,"href":"https:\/\/www.racc.es\/microsites\/wp-json\/wp\/v2\/users\/12"}],"replies":[{"embeddable":true,"href":"https:\/\/www.racc.es\/microsites\/wp-json\/wp\/v2\/comments?post=6427"}],"version-history":[{"count":0,"href":"https:\/\/www.racc.es\/microsites\/wp-json\/wp\/v2\/pages\/6427\/revisions"}],"wp:attachment":[{"href":"https:\/\/www.racc.es\/microsites\/wp-json\/wp\/v2\/media?parent=6427"}],"wp:term":[{"taxonomy":"wf_page_folders","embeddable":true,"href":"https:\/\/www.racc.es\/microsites\/wp-json\/wp\/v2\/wf_page_folders?post=6427"}],"curies":[{"name":"wp","href":"https:\/\/api.w.org\/{rel}","templated":true}]}}